{"version":"1.0","provider_name":"Cs\u00edkszeredai Megyei S\u00fcrg\u0151ss\u00e9gi K\u00f3rh\u00e1z","provider_url":"https:\/\/spitalmciuc.ro\/hu\/","author_name":"Milik Szil\u00e1rd","author_url":"https:\/\/spitalmciuc.ro\/hu\/author\/szilard\/","title":"Seg\u00edts\u00e9g a fiatal szakorvosoknak - Cs\u00edkszeredai Megyei S\u00fcrg\u0151ss\u00e9gi K\u00f3rh\u00e1z","type":"rich","width":600,"height":338,"html":"<blockquote class=\"wp-embedded-content\" data-secret=\"eBEAnrwUFj\"><a href=\"https:\/\/spitalmciuc.ro\/hu\/segitseg-a-fiatal-szakorvosoknak\/\">Seg\u00edts\u00e9g a fiatal szakorvosoknak<\/a><\/blockquote><iframe sandbox=\"allow-scripts\" security=\"restricted\" src=\"https:\/\/spitalmciuc.ro\/hu\/segitseg-a-fiatal-szakorvosoknak\/embed\/#?secret=eBEAnrwUFj\" width=\"600\" height=\"338\" title=\"&#8220;Seg\u00edts\u00e9g a fiatal szakorvosoknak&#8221; &#8212; Cs\u00edkszeredai Megyei S\u00fcrg\u0151ss\u00e9gi K\u00f3rh\u00e1z\" data-secret=\"eBEAnrwUFj\" frameborder=\"0\" marginwidth=\"0\" marginheight=\"0\" scrolling=\"no\" class=\"wp-embedded-content\"><\/iframe><script type=\"text\/javascript\">\n\/*! This file is auto-generated *\/\n!function(c,l){\"use strict\";var e=!1,o=!1;if(l.querySelector)if(c.addEventListener)e=!0;if(c.wp=c.wp||{},c.wp.receiveEmbedMessage);else if(c.wp.receiveEmbedMessage=function(e){var t=e.data;if(!t);else if(!(t.secret||t.message||t.value));else if(\/[^a-zA-Z0-9]\/.test(t.secret));else{for(var r,s,a,i=l.querySelectorAll('iframe[data-secret=\"'+t.secret+'\"]'),n=l.querySelectorAll('blockquote[data-secret=\"'+t.secret+'\"]'),o=0;o<n.length;o++)n[o].style.display=\"none\";for(o=0;o<i.length;o++)if(r=i[o],e.source!==r.contentWindow);else{if(r.removeAttribute(\"style\"),\"height\"===t.message){if(1e3<(s=parseInt(t.value,10)))s=1e3;else if(~~s<200)s=200;r.height=s}if(\"link\"===t.message)if(s=l.createElement(\"a\"),a=l.createElement(\"a\"),s.href=r.getAttribute(\"src\"),a.href=t.value,a.host===s.host)if(l.activeElement===r)c.top.location.href=t.value}}},e)c.addEventListener(\"message\",c.wp.receiveEmbedMessage,!1),l.addEventListener(\"DOMContentLoaded\",t,!1),c.addEventListener(\"load\",t,!1);function t(){if(o);else{o=!0;for(var e,t,r,s=-1!==navigator.appVersion.indexOf(\"MSIE 10\"),a=!!navigator.userAgent.match(\/Trident.*rv:11\\.\/),i=l.querySelectorAll(\"iframe.wp-embedded-content\"),n=0;n<i.length;n++){if(!(r=(t=i[n]).getAttribute(\"data-secret\")))r=Math.random().toString(36).substr(2,10),t.src+=\"#?secret=\"+r,t.setAttribute(\"data-secret\",r);if(s||a)(e=t.cloneNode(!0)).removeAttribute(\"security\"),t.parentNode.replaceChild(e,t);t.contentWindow.postMessage({message:\"ready\",secret:r},\"*\")}}}}(window,document);\n<\/script>\n","thumbnail_url":"https:\/\/spitalmciuc.ro\/wp-content\/uploads\/2020\/11\/szolgalatilakasok.jpg","thumbnail_width":1600,"thumbnail_height":900,"description":"H\u00e1rom \u00fajabb fiatal szakorvos k\u00f6lt\u00f6z\u00f6tt be nemr\u00e9g a Hargita Megye Tan\u00e1csa \u00e1ltal a Cs\u00edkszeredai Megyei S\u00fcrg\u0151ss\u00e9gi K\u00f3rh\u00e1z szomsz\u00e9ds\u00e1g\u00e1ba \u00e9p\u00edtett szolg\u00e1lati lak\u00e1sokba. Amint az ez alkalommal tartott sajt\u00f3t\u00e1j\u00e9koztat\u00f3n elhangzott, ez nagy seg\u00edts\u00e9g a fiatal szakemberek sz\u00e1m\u00e1ra.  J\u00f6v\u0151 \u00e9v m\u00e1rciusra k\u00e9sz\u00fcl el a megyei k\u00f3rh\u00e1z szomsz\u00e9ds\u00e1g\u00e1ban az \u00f6t\u00f6dik olyan \u00e9p\u00fclet, amelyben a fiatal orvosok sz\u00e1m\u00e1ra alak\u00edtottak ki szolg\u00e1lati lak\u00e1sokat. Minden \u00e9p\u00fcletben n\u00e9gy lak\u00e1s van \u00e9s h\u00e1rom lakr\u00e9szbe nemr\u00e9g k\u00f6lt\u00f6ztek be csal\u00e1djaikkal fiatal szakemberek. Dr. Konr\u00e1d Judit, a k\u00f3rh\u00e1z menedzsere h\u00e9tf\u0151n sajt\u00f3t\u00e1j\u00e9koztat\u00f3n elmondta, a rezidens orvosokkal val\u00f3 tal\u00e1lkoz\u00f3kon a k\u00f3rh\u00e1z felszerelts\u00e9ge \u00e9s szakemberg\u00e1rd\u00e1ja mellett a lakhat\u00e1si t\u00e1mogat\u00e1s az egyik leggyakoribb k\u00e9rd\u00e9s. \u201eNagyon fontos az, hogy a p\u00e1lyakezd\u0151 fiatal orvosoknak lak\u00e1st tudjunk biztos\u00edtani. Ez anyagi t\u00e1mogat\u00e1st, kezdeti biztons\u00e1got is jelent a fiatal csal\u00e1doknak, hisz legt\u00f6bb esetben csal\u00e1dost\u00f3l \u00e9rkeznek hozz\u00e1nk. Hargita Megye Tan\u00e1cs\u00e1nak nagyon fontos seg\u00edts\u00e9ge ez sz\u00e1munka, k\u00f6sz\u00f6nj\u00fck sz\u00e9pen\u201d \u2013 mondta a menedzser.  Hargita Megye Tan\u00e1csa r\u00e9sz\u00e9r\u0151l P\u00e9li Levente vez\u00e9rigazgat\u00f3-helyettes ismertette, 2011-ben kezdte el a megyei \u00f6nkorm\u00e1nyzat az els\u0151 lak\u00e1s \u00e9p\u00edt\u00e9s\u00e9t. Jelenleg az \u00f6t\u00f6dik, a f\u00f6lszinten \u00e9s az emeleten szint\u00e9n k\u00e9t-k\u00e9t lak\u00e1st mag\u00e1ba foglal\u00f3 \u00e9p\u00fclet \u00e9p\u00edt\u00e9se van folyamatban, ennek \u00e9rt\u00e9ke 1 070 000 lej \u00e9s m\u00e1rciusra fog elk\u00e9sz\u00fclni.&nbsp;"}