{"version":"1.0","provider_name":"Cs\u00edkszeredai Megyei S\u00fcrg\u0151ss\u00e9gi K\u00f3rh\u00e1z","provider_url":"https:\/\/spitalmciuc.ro\/hu\/","author_name":"Milik Szil\u00e1rd","author_url":"https:\/\/spitalmciuc.ro\/hu\/author\/szilard\/","title":"A sz\u00edv a m\u00e9rt\u00e9kletess\u00e9get szereti - Cs\u00edkszeredai Megyei S\u00fcrg\u0151ss\u00e9gi K\u00f3rh\u00e1z","type":"rich","width":600,"height":338,"html":"<blockquote class=\"wp-embedded-content\" data-secret=\"DUPEewrTAP\"><a href=\"https:\/\/spitalmciuc.ro\/hu\/a-sziv-a-mertekletesseget-szereti\/\">A sz\u00edv a m\u00e9rt\u00e9kletess\u00e9get szereti<\/a><\/blockquote><iframe sandbox=\"allow-scripts\" security=\"restricted\" src=\"https:\/\/spitalmciuc.ro\/hu\/a-sziv-a-mertekletesseget-szereti\/embed\/#?secret=DUPEewrTAP\" width=\"600\" height=\"338\" title=\"&#8220;A sz\u00edv a m\u00e9rt\u00e9kletess\u00e9get szereti&#8221; &#8212; Cs\u00edkszeredai Megyei S\u00fcrg\u0151ss\u00e9gi K\u00f3rh\u00e1z\" data-secret=\"DUPEewrTAP\" frameborder=\"0\" marginwidth=\"0\" marginheight=\"0\" scrolling=\"no\" class=\"wp-embedded-content\"><\/iframe><script type=\"text\/javascript\">\n\/*! This file is auto-generated *\/\n!function(c,l){\"use strict\";var e=!1,o=!1;if(l.querySelector)if(c.addEventListener)e=!0;if(c.wp=c.wp||{},c.wp.receiveEmbedMessage);else if(c.wp.receiveEmbedMessage=function(e){var t=e.data;if(!t);else if(!(t.secret||t.message||t.value));else if(\/[^a-zA-Z0-9]\/.test(t.secret));else{for(var r,s,a,i=l.querySelectorAll('iframe[data-secret=\"'+t.secret+'\"]'),n=l.querySelectorAll('blockquote[data-secret=\"'+t.secret+'\"]'),o=0;o<n.length;o++)n[o].style.display=\"none\";for(o=0;o<i.length;o++)if(r=i[o],e.source!==r.contentWindow);else{if(r.removeAttribute(\"style\"),\"height\"===t.message){if(1e3<(s=parseInt(t.value,10)))s=1e3;else if(~~s<200)s=200;r.height=s}if(\"link\"===t.message)if(s=l.createElement(\"a\"),a=l.createElement(\"a\"),s.href=r.getAttribute(\"src\"),a.href=t.value,a.host===s.host)if(l.activeElement===r)c.top.location.href=t.value}}},e)c.addEventListener(\"message\",c.wp.receiveEmbedMessage,!1),l.addEventListener(\"DOMContentLoaded\",t,!1),c.addEventListener(\"load\",t,!1);function t(){if(o);else{o=!0;for(var e,t,r,s=-1!==navigator.appVersion.indexOf(\"MSIE 10\"),a=!!navigator.userAgent.match(\/Trident.*rv:11\\.\/),i=l.querySelectorAll(\"iframe.wp-embedded-content\"),n=0;n<i.length;n++){if(!(r=(t=i[n]).getAttribute(\"data-secret\")))r=Math.random().toString(36).substr(2,10),t.src+=\"#?secret=\"+r,t.setAttribute(\"data-secret\",r);if(s||a)(e=t.cloneNode(!0)).removeAttribute(\"security\"),t.parentNode.replaceChild(e,t);t.contentWindow.postMessage({message:\"ready\",secret:r},\"*\")}}}}(window,document);\n<\/script>\n","description":"Mi\u00e9rt t\u00e9vhit az, hogy el\u00e9g a napi k\u00e9tszeri \u00e9tkez\u00e9s, mit \u00e9s hogyan mozogjunk, hogy az a sz\u00edv\u00fcnknek is j\u00f3 legyen, mit okoz a sz\u00edvben az alkoholfogyaszt\u00e1s \u2013 t\u00f6bbek k\u00f6z\u00f6tt ezekre a k\u00e9rd\u00e9sekre adott v\u00e1laszt dr. L\u00e1szl\u00f3 Szid\u00f3nia. A Cs\u00edkszeredai Megyei S\u00fcrg\u0151ss\u00e9gi K\u00f3rh\u00e1z kardiol\u00f3gus szakorvos\u00e1t a szeptember 29-\u00e9n tartott Sz\u00edv Vil\u00e1gnapja alkalm\u00e1val k\u00e9rdezte a Hargita N\u00e9pe.&hellip;"}